{"id":3,"date":"2024-07-19T14:19:05","date_gmt":"2024-07-19T12:19:05","guid":{"rendered":"https:\/\/www.kontekst.info\/polityka-prywatnosci\/"},"modified":"2024-09-05T15:03:16","modified_gmt":"2024-09-05T13:03:16","slug":"polityka-prywatnosci","status":"publish","type":"page","link":"https:\/\/www.kontekst.info\/index.php\/polityka-prywatnosci\/","title":{"rendered":"Polityka prywatno\u015bci"},"content":{"rendered":"<div class=\"wpb-content-wrapper\"><p>[vc_row][vc_column][vc_column_text css=&#8221;&#8221; woodmart_inline=&#8221;no&#8221; text_larger=&#8221;no&#8221;]<\/p>\n<div id=\"pg-3-0\" class=\"panel-grid panel-no-style\">\n<div id=\"pgc-3-0-0\" class=\"panel-grid-cell\" data-weight=\"1\">\n<div id=\"panel-3-0-0-0\" class=\"so-panel widget widget_sow-editor panel-first-child panel-last-child\" data-index=\"0\" data-style=\"{&quot;background_image_attachment&quot;:false,&quot;background_display&quot;:&quot;tile&quot;,&quot;text_style&quot;:&quot;default&quot;,&quot;center_on_mobile&quot;:&quot;&quot;,&quot;center_on_tablets&quot;:&quot;&quot;,&quot;widget_shadow&quot;:&quot;none&quot;,&quot;remove_padding_mobile&quot;:&quot;&quot;,&quot;remove_margin_mobile&quot;:&quot;&quot;,&quot;bg_opacity&quot;:&quot;100&quot;}\">\n<div class=\"orion default panel-widget-style panel-widget-style-for-3-0-0-0\">\n<div class=\"so-widget-sow-editor so-widget-sow-editor-base\">\n<div class=\"siteorigin-widget-tinymce textwidget\">\n<h3 style=\"text-align: center;\">I. Zasady przetwarzania Twoich danych osobowych.<\/h3>\n<h3 style=\"text-align: center;\">II. Pliki\u00a0<strong>cookies<\/strong>, kt\u00f3re jako Administrator u\u017cywam, w celu zwi\u0119kszenia efektywno\u015bci Serwisu oraz zapewnienia bezpiecze\u0144stwa Twoich danych.<\/h3>\n<h4>1. Informacje og\u00f3lne.<\/h4>\n<p style=\"text-align: justify;\">Polityka prywatno\u015bci to informacje, kt\u00f3re przygotowali\u015bmy i uwzgl\u0119dniaj\u0105 tzw. przepisy RODO, czyli og\u00f3lne rozporz\u0105dzenia o ochronie danych. Aby zadba\u0107 o Twoj\u0105 prywatno\u015b\u0107 podczas korzystania ze strony internetowej i zapewni\u0107 maksymaln\u0105 ochron\u0119 Twoich danych, oraz aby zapewni\u0107 Tobie komfortowe i efektywne warunki u\u017cytkowania Serwisu, przedstawiamy poni\u017cej niezb\u0119dne informacje.<\/p>\n<h4>2. <strong>Administrator.<\/strong><\/h4>\n<p style=\"text-align: justify;\">Administratorem danych osobowych U\u017cytkownik\u00f3w serwisu kontekst.info b\u0119d\u0105cych osobami fizycznymi, w rozumieniu Rozporz\u0105dzenie Parlamentu Europejskiego i Rady (UE) 2016\/679 z dnia 27 kwietnia 2016 r. ws. ochrony os\u00f3b fizycznych w zwi\u0105zku z przetwarzaniem danych osobowych i w sprawie swobodnego przep\u0142ywu takich danych oraz uchylenia dyrektywy 95\/46\/WE (og\u00f3lne rozporz\u0105dzenie o ochronie danych), jest <strong><span id=\"MainContentForm_lblName\">Kontekst, Henryk Stok\u0142osa,<\/span><\/strong>\u00a0Jurk\u00f3w 67, Jurk\u00f3w 34-643, NIP: 9690801974, REGON: 492706167.<\/p>\n<h4>3. Przyk\u0142ady danych osobowych.<\/h4>\n<p style=\"text-align: justify;\">Dane osobowe to wszelkie informacje dotycz\u0105ce zidentyfikowanej lub mo\u017cliwej do identyfikacji osoby fizycznej. S\u0105 to poszczeg\u00f3lne informacje, kt\u00f3re w po\u0142\u0105czeniu z dan\u0105 osob\u0105 mog\u0105 prowadzi\u0107 do zidentyfikowania to\u017csamo\u015bci tej osoby. Przyk\u0142adowe dane osobowe to: Imi\u0119 i nazwisko, PESEL, Adres zamieszkania i numer telefonu, Wizerunek, Identyfikator internetowy \u2013 np. poprzez pliki cookies, IP urz\u0105dzenia, Adres e-mail pozwalaj\u0105cy na identyfikacj\u0119 to\u017csamo\u015bci, np. imi\u0119 i nazwisko lub identyfikacja w jakiej firmie osoba pracuje, Nr dowodu to\u017csamo\u015bci, Dane o geolokalizacji \u2013 w urz\u0105dzeniu np. smartfonie.<\/p>\n<\/div>\n<\/div>\n<\/div>\n<\/div>\n<\/div>\n<\/div>\n<p>&nbsp;<\/p>\n<div id=\"pg-3-0\" class=\"panel-grid panel-no-style\">\n<div id=\"pgc-3-0-0\" class=\"panel-grid-cell\" data-weight=\"1\">\n<div id=\"panel-3-0-0-0\" class=\"so-panel widget widget_sow-editor panel-first-child panel-last-child\" data-index=\"0\" data-style=\"{&quot;background_image_attachment&quot;:false,&quot;background_display&quot;:&quot;tile&quot;,&quot;text_style&quot;:&quot;default&quot;,&quot;center_on_mobile&quot;:&quot;&quot;,&quot;center_on_tablets&quot;:&quot;&quot;,&quot;widget_shadow&quot;:&quot;none&quot;,&quot;remove_padding_mobile&quot;:&quot;&quot;,&quot;remove_margin_mobile&quot;:&quot;&quot;,&quot;bg_opacity&quot;:&quot;100&quot;}\">\n<div class=\"orion default panel-widget-style panel-widget-style-for-3-0-0-0\">\n<div class=\"so-widget-sow-editor so-widget-sow-editor-base\">\n<div class=\"siteorigin-widget-tinymce textwidget\">\n<h3 style=\"text-align: center;\">I. ZASADY PRZETWARZANIA DANYCH OSOBOWYCH<\/h3>\n<h4 style=\"text-align: justify;\">1.\u00a0<strong>Twoje dane osobowe przetwarzane b\u0119d\u0105 jedynie w celu \u015bwiadczonych przez nas us\u0142ug, czyli sprzeda\u017cy produkt\u00f3w, kt\u00f3re oferujemy w Serwisie Internetowym \u2013 w szczeg\u00f3lno\u015bci: automaty vendingowe.<\/strong><\/h4>\n<p style=\"text-align: justify;\">Jest to kontakt przez formularz w Serwisie, badanie preferencji odwiedzaj\u0105cych serwis poprzez analiz\u0119 plik\u00f3w cookies. Przestrzegamy nast\u0119puj\u0105cych zasad dotycz\u0105cych przetwarzania danych osobowych zgodnie z RODO.<\/p>\n<ul>\n<li style=\"text-align: justify;\">Zgodno\u015b\u0107 z prawem, rzetelno\u015b\u0107, przejrzysto\u015b\u0107 &#8211; przetwarzamy dane osobowe wg tych zasad.<\/li>\n<li style=\"text-align: justify;\">Ograniczenie celu, czyli gromadzimy i przetwarzamy dane w konkretnych i prawnie uzasadnionych celach oraz nie przetwarzam ich dalej w spos\u00f3b niezgodny z tymi celami.<\/li>\n<li style=\"text-align: justify;\">Minimalizacja danych &#8211; Twoje dane s\u0105 adekwatne i stosowne oraz ograniczone do tego co niezb\u0119dne do cel\u00f3w, w kt\u00f3rych s\u0105 przetwarzane.<\/li>\n<li style=\"text-align: justify;\">Prawid\u0142owo\u015b\u0107 &#8211; dane s\u0105 prawid\u0142owe i w razie potrzebny s\u0105 uaktualniane przez Administratora.<\/li>\n<li style=\"text-align: justify;\">Ograniczenie przechowywania &#8211; dane osobowe przechowujemy w formie umo\u017cliwiaj\u0105cej identyfikacj\u0119 osoby, kt\u00f3rej dotycz\u0105 dane, przez okres nie d\u0142u\u017cszy ni\u017c jest to niezb\u0119dne do cel\u00f3w, w kt\u00f3rych dane te s\u0105 przetwarzane.<\/li>\n<li style=\"text-align: justify;\">Integralno\u015b\u0107 i poufno\u015b\u0107 &#8211; dane s\u0105 przetwarzane z zachowaniem odpowiedniego bezpiecze\u0144stwa danych za pomoc\u0105 odpowiednich i optymalnych \u015brodk\u00f3w technologicznych i organizacyjnych.<\/li>\n<li style=\"text-align: justify;\">Rozliczalno\u015b\u0107 &#8211; jako Administrator danych osobowych jestem odpowiedzialny za przestrzeganie przepis\u00f3w RODO i jestem w stanie wykaza\u0107 ich przestrzeganie.<\/li>\n<\/ul>\n<p>&nbsp;<\/p>\n<h4 style=\"text-align: justify;\">2.\u00a0<strong>Posiadasz prawo<\/strong>\u00a0do:<\/h4>\n<ul style=\"text-align: justify;\">\n<li>Dost\u0119pu do Twoich danych osobowych, sprostowania ich, usuni\u0119cia lub ograniczenia przetwarzania danych osobowych.<\/li>\n<li>Sprzeciwu przetwarzania Twoich danych osobowych.<\/li>\n<li>Przenoszenia Twoich danych osobowych.<\/li>\n<li>Wniesienia skargi do organu nadzorczego.<\/li>\n<li>Cofni\u0119cia zgody na\u00a0przetwarzanie Twoich danych osobowych.<\/li>\n<\/ul>\n<p>&nbsp;<\/p>\n<h4 style=\"text-align: justify;\">3. Nie b\u0119dziesz otrzymywa\u0107 informacji marketingowych, bez wyra\u017cenia na to zgody.<\/h4>\n<p style=\"text-align: justify;\">Twoje dane osobowe przetwarzane b\u0119d\u0105 przez Administratora zgodnie z przepisami ustawy z 10 maja 2018 r. o ochronie danych osobowych i ustawy z dnia 18 lipca 2002 r. o \u015bwiadczeniu us\u0142ug drog\u0105 elektroniczn\u0105, kt\u00f3rych celem jest \u015bwiadczenia przeze mnie us\u0142ug (r\u00f3wnie\u017c w celach marketingowych \u2013 wi\u0119cej w sekcji Pliki Cookies).<\/p>\n<h4 style=\"text-align: justify;\">4. Ochrona danych osobowych.<\/h4>\n<p style=\"text-align: justify;\">Twoje dane osobowe s\u0105 nale\u017cycie chronione przez zastosowanie zabezpiecze\u0144 organizacyjnych i technologicznych przez Administratora &#8211; <strong><span id=\"MainContentForm_lblName\">Kontekst, Henryk Stok\u0142osa<\/span><\/strong><strong>.<\/strong> W tym celu korzystamy z szyfrowanych po\u0142\u0105cze\u0144, certyfikat\u00f3w SSL i innych zabezpiecze\u0144. Chronimy Twoje dane osobowe, nie udost\u0119pniamy ich i nie ujawniamy ich osobom nieupowa\u017cnionym. Zabezpieczamy je na wypadek cyberataku (modyfikacji, utraty lub kradzie\u017cy).<\/p>\n<h4 style=\"text-align: justify;\">5. Wyj\u0105tek przekazania danych osobowych.<\/h4>\n<p style=\"text-align: justify;\">Jedynym przypadkiem udost\u0119pnienia Twoich danych osobowych &#8211; tylko podmiotom uprawnionym, mo\u017ce by\u0107 przekazanie ich na mocy obowi\u0105zuj\u0105cych przepis\u00f3w prawa organom wymiaru sprawiedliwo\u015bci.<\/p>\n<h3><\/h3>\n<h3 style=\"text-align: center;\">II. PLIKI COOKIES \u2013 TZW. CIASTECZKA<\/h3>\n<h4 style=\"text-align: justify;\">1. C<strong>ookies tzw. ciasteczka.<\/strong><\/h4>\n<p style=\"text-align: justify;\">Pliki cookies to pliki zapisywane i przechowywane na Twoim komputerze, laptopie, tablecie, smartfonie lub innym urz\u0105dzeniu podczas u\u017cytkowania przez Ciebie stron, serwis\u00f3w i aplikacji internetowych. Pliki cookies umo\u017cliwiaj\u0105 Tobie korzystanie ze wszystkich funkcjonalno\u015bci Serwisu.<\/p>\n<h4 style=\"text-align: justify;\">2. Administrowanie plikami &#8222;ciasteczek&#8221;.<\/h4>\n<p style=\"text-align: justify;\">Istnieje mo\u017cliwo\u015b\u0107 administrowania ciasteczkami, mo\u017ce to\u00a0jednak wp\u0142yn\u0105\u0107 na\u00a0niekt\u00f3re funkcje strony internetowej. W zale\u017cno\u015bci od przegl\u0105darki z kt\u00f3rej korzystasz, mo\u017cesz zarz\u0105dza\u0107 plikami cookies:<\/p>\n<ul style=\"text-align: justify;\">\n<li><a href=\"https:\/\/support.google.com\/chrome\/answer\/95647?hl=pl\" target=\"_blank\" rel=\"noopener noreferrer\">Chrome<\/a> <a href=\"https:\/\/support.mozilla.org\/pl\/kb\/ciasteczka\" target=\"_blank\" rel=\"noopener noreferrer\">Firefox<\/a> <a href=\"https:\/\/help.opera.com\/pl\/latest\/web-preferences\/\" target=\"_blank\" rel=\"noopener noreferrer\">Opera<\/a> <a href=\"https:\/\/support.apple.com\/pl-pl\/guide\/safari\/sfri11471\/mac\" target=\"_blank\" rel=\"noopener noreferrer\">Safari<\/a> <a href=\"https:\/\/support.microsoft.com\/pl-pl\/help\/17442\/windows-internet-explorer-delete-manage-cookies\" target=\"_blank\" rel=\"noopener noreferrer\">Microsoft Edge<\/a><\/li>\n<\/ul>\n<p>&nbsp;<\/p>\n<h4 style=\"text-align: justify;\">3. Profilowanie u\u017cytkownika w serwisie kontekst.info pozwala na:<\/h4>\n<ul style=\"text-align: justify;\">\n<li>Zapami\u0119tywanie informacji o Twojej sesji, ma to na celu dostosowywanie zawarto\u015bci serwisu do Twoich indywidualnych potrzeb. Pliki ciasteczek rozpoznaj\u0105 Twoje urz\u0105dzenie i odpowiednio wy\u015bwietlaj\u0105 stron\u0119 internetow\u0105, dostosowuj\u0105 rozdzielczo\u015b\u0107 do urz\u0105dzenia, z kt\u00f3rego korzystasz.<\/li>\n<li>Analiz\u0119 i tworzenie statystyk, w celu zwi\u0119kszenia efektywno\u015bci zawarto\u015bci i struktury serwisu.<\/li>\n<li>Profilowanie u\u017cytkownika serwisu, wy\u015bwietlania dedykowanych i odpowiednich materia\u0142\u00f3w reklamowych (np. Google Ads, Facebook Ads).<\/li>\n<\/ul>\n<p>&nbsp;<\/p>\n<h4 style=\"text-align: justify;\">4. Zgoda na wykorzystywanie cookies.<\/h4>\n<p style=\"text-align: justify;\">Nie wy\u0142\u0105czenie wykorzystywania plik\u00f3w cookies w ustawieniach przegl\u0105darki, z kt\u00f3rej korzystasz oznacza, \u017ce wyra\u017casz zgod\u0119 na ich wykorzystanie opisane w pkt. 3. Wi\u0119cej informacji o ciasteczkach znajdziesz w\u00a0<a href=\"https:\/\/pl.wikipedia.org\/wiki\/HTTP_cookie\" target=\"_blank\" rel=\"noopener noreferrer\">Wikipedii<\/a>.<\/p>\n<\/div>\n<p>&nbsp;<\/p>\n<div class=\"siteorigin-widget-tinymce textwidget\">\n<h4 style=\"text-align: justify;\">5. Podmioty wsp\u00f3\u0142pracuj\u0105ce.<\/h4>\n<p style=\"text-align: justify;\">Podmioty wsp\u00f3\u0142pracuj\u0105ce z Administratorem Serwisu\u00a0uzyskuj\u0105ce dost\u0119p do plik\u00f3w cookies to (linki do Polityki Prywatno\u015bci):<\/p>\n<ul>\n<li style=\"text-align: justify;\"><a href=\"https:\/\/www.google.com\/intl\/en\/policies\/privacy\/\" target=\"_blank\" rel=\"noopener noreferrer\">Google<\/a> <a href=\"https:\/\/pl-pl.facebook.com\/help\/cookies\" target=\"_blank\" rel=\"noopener noreferrer\">Facebook<\/a> <a href=\"https:\/\/dhosting.pl\/polityka_prywatnosci.html\" target=\"_blank\" rel=\"noopener\">dhosting.pl<\/a><\/li>\n<\/ul>\n<p>&nbsp;<\/p>\n<h3 style=\"text-align: center;\">KONTAKT Z ADMINISTRATOREM<\/h3>\n<p style=\"text-align: justify;\">Je\u015bli chcesz skorzysta\u0107 ze swoich uprawnie\u0144 dotycz\u0105cych ochrony danych osobowych lub zapyta\u0107 czym jest Polityka Prywatno\u015bci, napisz na adres e-mail <strong>info@kontekst.info<\/strong> lub skorzystaj z <a href=\"\/kontakt\/\">Formularza Kontaktu<\/a>.<\/p>\n<\/div>\n<\/div>\n<\/div>\n<\/div>\n<\/div>\n<\/div>\n<p>[\/vc_column_text][\/vc_column][\/vc_row]<\/p>\n<\/div>","protected":false},"excerpt":{"rendered":"<p>[vc_row][vc_column][vc_column_text css=&#8221;&#8221; woodmart_inline=&#8221;no&#8221; text_larger=&#8221;no&#8221;] I. Zasady przetwarzania Twoich danych osobowych. II. Pliki\u00a0cookies, kt\u00f3re jako Administrator u\u017cywam, w celu zwi\u0119kszenia efektywno\u015bci<\/p>\n","protected":false},"author":2,"featured_media":0,"parent":0,"menu_order":0,"comment_status":"closed","ping_status":"open","template":"","meta":{"footnotes":""},"class_list":["post-3","page","type-page","status-publish","hentry"],"yoast_head":"<!-- This site is optimized with the Yoast SEO plugin v27.3 - https:\/\/yoast.com\/product\/yoast-seo-wordpress\/ -->\n<title>Polityka prywatno\u015bci - Kontekst<\/title>\n<meta name=\"robots\" content=\"index, follow, max-snippet:-1, max-image-preview:large, max-video-preview:-1\" \/>\n<link rel=\"canonical\" href=\"https:\/\/www.kontekst.info\/index.php\/polityka-prywatnosci\/\" \/>\n<meta property=\"og:locale\" content=\"pl_PL\" \/>\n<meta property=\"og:type\" content=\"article\" \/>\n<meta property=\"og:title\" content=\"Polityka prywatno\u015bci - Kontekst\" \/>\n<meta property=\"og:description\" content=\"[vc_row][vc_column][vc_column_text css=&#8221;&#8221; woodmart_inline=&#8221;no&#8221; text_larger=&#8221;no&#8221;] I. Zasady przetwarzania Twoich danych osobowych. II. Pliki\u00a0cookies, kt\u00f3re jako Administrator u\u017cywam, w celu zwi\u0119kszenia efektywno\u015bci\" \/>\n<meta property=\"og:url\" content=\"https:\/\/www.kontekst.info\/index.php\/polityka-prywatnosci\/\" \/>\n<meta property=\"og:site_name\" content=\"Kontekst\" \/>\n<meta property=\"article:modified_time\" content=\"2024-09-05T13:03:16+00:00\" \/>\n<meta property=\"og:image\" content=\"https:\/\/www.kontekst.info\/wp-content\/uploads\/2024\/07\/kontekst-zaslepka.jpg\" \/>\n\t<meta property=\"og:image:width\" content=\"1447\" \/>\n\t<meta property=\"og:image:height\" content=\"1258\" \/>\n\t<meta property=\"og:image:type\" content=\"image\/jpeg\" \/>\n<meta name=\"twitter:card\" content=\"summary_large_image\" \/>\n<meta name=\"twitter:label1\" content=\"Szacowany czas czytania\" \/>\n\t<meta name=\"twitter:data1\" content=\"5 minut\" \/>\n<script type=\"application\/ld+json\" class=\"yoast-schema-graph\">{\"@context\":\"https:\\\/\\\/schema.org\",\"@graph\":[{\"@type\":\"WebPage\",\"@id\":\"https:\\\/\\\/www.kontekst.info\\\/index.php\\\/polityka-prywatnosci\\\/\",\"url\":\"https:\\\/\\\/www.kontekst.info\\\/index.php\\\/polityka-prywatnosci\\\/\",\"name\":\"Polityka prywatno\u015bci - Kontekst\",\"isPartOf\":{\"@id\":\"https:\\\/\\\/www.kontekst.info\\\/#website\"},\"datePublished\":\"2024-07-19T12:19:05+00:00\",\"dateModified\":\"2024-09-05T13:03:16+00:00\",\"breadcrumb\":{\"@id\":\"https:\\\/\\\/www.kontekst.info\\\/index.php\\\/polityka-prywatnosci\\\/#breadcrumb\"},\"inLanguage\":\"pl-PL\",\"potentialAction\":[{\"@type\":\"ReadAction\",\"target\":[\"https:\\\/\\\/www.kontekst.info\\\/index.php\\\/polityka-prywatnosci\\\/\"]}]},{\"@type\":\"BreadcrumbList\",\"@id\":\"https:\\\/\\\/www.kontekst.info\\\/index.php\\\/polityka-prywatnosci\\\/#breadcrumb\",\"itemListElement\":[{\"@type\":\"ListItem\",\"position\":1,\"name\":\"Strona g\u0142\u00f3wna\",\"item\":\"https:\\\/\\\/www.kontekst.info\\\/\"},{\"@type\":\"ListItem\",\"position\":2,\"name\":\"Polityka prywatno\u015bci\"}]},{\"@type\":\"WebSite\",\"@id\":\"https:\\\/\\\/www.kontekst.info\\\/#website\",\"url\":\"https:\\\/\\\/www.kontekst.info\\\/\",\"name\":\"Kontekst\",\"description\":\"Autoryzowany dystrybutor Selflystore w Polsce\",\"publisher\":{\"@id\":\"https:\\\/\\\/www.kontekst.info\\\/#organization\"},\"potentialAction\":[{\"@type\":\"SearchAction\",\"target\":{\"@type\":\"EntryPoint\",\"urlTemplate\":\"https:\\\/\\\/www.kontekst.info\\\/?s={search_term_string}\"},\"query-input\":{\"@type\":\"PropertyValueSpecification\",\"valueRequired\":true,\"valueName\":\"search_term_string\"}}],\"inLanguage\":\"pl-PL\"},{\"@type\":\"Organization\",\"@id\":\"https:\\\/\\\/www.kontekst.info\\\/#organization\",\"name\":\"Kontekst\",\"url\":\"https:\\\/\\\/www.kontekst.info\\\/\",\"logo\":{\"@type\":\"ImageObject\",\"inLanguage\":\"pl-PL\",\"@id\":\"https:\\\/\\\/www.kontekst.info\\\/#\\\/schema\\\/logo\\\/image\\\/\",\"url\":\"https:\\\/\\\/www.kontekst.info\\\/wp-content\\\/uploads\\\/2024\\\/09\\\/Kontekst-logo_Selfly-Store-dark-AD.svg\",\"contentUrl\":\"https:\\\/\\\/www.kontekst.info\\\/wp-content\\\/uploads\\\/2024\\\/09\\\/Kontekst-logo_Selfly-Store-dark-AD.svg\",\"width\":520,\"height\":180,\"caption\":\"Kontekst\"},\"image\":{\"@id\":\"https:\\\/\\\/www.kontekst.info\\\/#\\\/schema\\\/logo\\\/image\\\/\"}}]}<\/script>\n<!-- \/ Yoast SEO plugin. -->","yoast_head_json":{"title":"Polityka prywatno\u015bci - Kontekst","robots":{"index":"index","follow":"follow","max-snippet":"max-snippet:-1","max-image-preview":"max-image-preview:large","max-video-preview":"max-video-preview:-1"},"canonical":"https:\/\/www.kontekst.info\/index.php\/polityka-prywatnosci\/","og_locale":"pl_PL","og_type":"article","og_title":"Polityka prywatno\u015bci - Kontekst","og_description":"[vc_row][vc_column][vc_column_text css=&#8221;&#8221; woodmart_inline=&#8221;no&#8221; text_larger=&#8221;no&#8221;] I. Zasady przetwarzania Twoich danych osobowych. II. Pliki\u00a0cookies, kt\u00f3re jako Administrator u\u017cywam, w celu zwi\u0119kszenia efektywno\u015bci","og_url":"https:\/\/www.kontekst.info\/index.php\/polityka-prywatnosci\/","og_site_name":"Kontekst","article_modified_time":"2024-09-05T13:03:16+00:00","og_image":[{"width":1447,"height":1258,"url":"https:\/\/www.kontekst.info\/wp-content\/uploads\/2024\/07\/kontekst-zaslepka.jpg","type":"image\/jpeg"}],"twitter_card":"summary_large_image","twitter_misc":{"Szacowany czas czytania":"5 minut"},"schema":{"@context":"https:\/\/schema.org","@graph":[{"@type":"WebPage","@id":"https:\/\/www.kontekst.info\/index.php\/polityka-prywatnosci\/","url":"https:\/\/www.kontekst.info\/index.php\/polityka-prywatnosci\/","name":"Polityka prywatno\u015bci - Kontekst","isPartOf":{"@id":"https:\/\/www.kontekst.info\/#website"},"datePublished":"2024-07-19T12:19:05+00:00","dateModified":"2024-09-05T13:03:16+00:00","breadcrumb":{"@id":"https:\/\/www.kontekst.info\/index.php\/polityka-prywatnosci\/#breadcrumb"},"inLanguage":"pl-PL","potentialAction":[{"@type":"ReadAction","target":["https:\/\/www.kontekst.info\/index.php\/polityka-prywatnosci\/"]}]},{"@type":"BreadcrumbList","@id":"https:\/\/www.kontekst.info\/index.php\/polityka-prywatnosci\/#breadcrumb","itemListElement":[{"@type":"ListItem","position":1,"name":"Strona g\u0142\u00f3wna","item":"https:\/\/www.kontekst.info\/"},{"@type":"ListItem","position":2,"name":"Polityka prywatno\u015bci"}]},{"@type":"WebSite","@id":"https:\/\/www.kontekst.info\/#website","url":"https:\/\/www.kontekst.info\/","name":"Kontekst","description":"Autoryzowany dystrybutor Selflystore w Polsce","publisher":{"@id":"https:\/\/www.kontekst.info\/#organization"},"potentialAction":[{"@type":"SearchAction","target":{"@type":"EntryPoint","urlTemplate":"https:\/\/www.kontekst.info\/?s={search_term_string}"},"query-input":{"@type":"PropertyValueSpecification","valueRequired":true,"valueName":"search_term_string"}}],"inLanguage":"pl-PL"},{"@type":"Organization","@id":"https:\/\/www.kontekst.info\/#organization","name":"Kontekst","url":"https:\/\/www.kontekst.info\/","logo":{"@type":"ImageObject","inLanguage":"pl-PL","@id":"https:\/\/www.kontekst.info\/#\/schema\/logo\/image\/","url":"https:\/\/www.kontekst.info\/wp-content\/uploads\/2024\/09\/Kontekst-logo_Selfly-Store-dark-AD.svg","contentUrl":"https:\/\/www.kontekst.info\/wp-content\/uploads\/2024\/09\/Kontekst-logo_Selfly-Store-dark-AD.svg","width":520,"height":180,"caption":"Kontekst"},"image":{"@id":"https:\/\/www.kontekst.info\/#\/schema\/logo\/image\/"}}]}},"_links":{"self":[{"href":"https:\/\/www.kontekst.info\/index.php\/wp-json\/wp\/v2\/pages\/3","targetHints":{"allow":["GET"]}}],"collection":[{"href":"https:\/\/www.kontekst.info\/index.php\/wp-json\/wp\/v2\/pages"}],"about":[{"href":"https:\/\/www.kontekst.info\/index.php\/wp-json\/wp\/v2\/types\/page"}],"author":[{"embeddable":true,"href":"https:\/\/www.kontekst.info\/index.php\/wp-json\/wp\/v2\/users\/2"}],"replies":[{"embeddable":true,"href":"https:\/\/www.kontekst.info\/index.php\/wp-json\/wp\/v2\/comments?post=3"}],"version-history":[{"count":3,"href":"https:\/\/www.kontekst.info\/index.php\/wp-json\/wp\/v2\/pages\/3\/revisions"}],"predecessor-version":[{"id":10659,"href":"https:\/\/www.kontekst.info\/index.php\/wp-json\/wp\/v2\/pages\/3\/revisions\/10659"}],"wp:attachment":[{"href":"https:\/\/www.kontekst.info\/index.php\/wp-json\/wp\/v2\/media?parent=3"}],"curies":[{"name":"wp","href":"https:\/\/api.w.org\/{rel}","templated":true}]}}